{"id":395,"date":"2020-05-30T16:19:16","date_gmt":"2020-05-30T13:19:16","guid":{"rendered":"http:\/\/tabereurbane.ro\/?page_id=395"},"modified":"2020-06-02T11:33:11","modified_gmt":"2020-06-02T08:33:11","slug":"arte-scenice","status":"publish","type":"page","link":"https:\/\/tabereurbane.ro\/despre-tabere-urbane-solidus\/arte-scenice\/","title":{"rendered":"Arte scenice"},"content":{"rendered":"<h4 style=\"text-align: justify;\"><span style=\"color: #cc0066;\">Programul \u201e<b>Arte scenice\u201d <\/b>urm\u0103re\u0219te s\u0103 ating\u0103 obiectivele specifice dezvolt\u0103rii personalit\u0103\u021bii \u0219i a abilit\u0103\u021bilor de comunicare, precum \u0219i combaterea timidit\u0103\u021bii \u0219i a fricii de e\u0219ec.<\/span> <strong>Jocurile de improviza\u021bie vor dezvolta aten\u021bia, capacitata de memorare, motricitatea, flexibilitatea \u00een g\u00e2ndire \u0219i viteza de reac\u021bie.<\/strong><b><br \/>\n<\/b><\/h4>\n<ul style=\"text-align: justify;\">\n<li>Tab\u0103r\u0103 urban\u0103 de 5 zile<\/li>\n<li>V\u00e2rst\u0103: 7-12 ani<\/li>\n<li>Program Luni-Vineri<\/li>\n<li>Orar: 8:30-18:30<\/li>\n<\/ul>\n<p style=\"text-align: justify;\">Jocuri de dezvoltare personal\u0103 prin arte scenice, teatru \u0219i oratorie contribuie la descoperirea personal\u0103 a voca\u021biei, dar sunt excelente antrenamente pentru: <strong>memorie, dic\u021bie, aten\u021bie, promptitudine, spontaneitat<\/strong>e \u0219.a. \u00cen fiecare zi vom avea ateliere prin care ne vom juca cu roluri, dup\u0103 ce ne familiariz\u0103m cu termenii specifici actoriei \u0219i teatrului.<\/p>\n<p style=\"text-align: justify;\">Ne vom face timp pentru \u00eenregistrarea unei scenete sub forma <strong>teatrului radiofonic<\/strong>. Scopul cursului este de a dezvolta urm\u0103toarele abilit\u0103\u021bi: <strong>dezvinvoltura \u0219i cursivitate \u00een exprimare<\/strong>, <strong>dic\u021bie<\/strong>, <strong>curaj \u0219i \u00eencredere \u00een sine<\/strong>, <strong>adaptabilitate rapid\u0103 a atitudinii<\/strong> \u00een func\u021bie de situa\u021bie \u0219.a.<\/p>\n<p style=\"text-align: justify;\">Atelierele de improviza\u021bie vor contribui la <strong>dezvoltarea emo\u021bional\u0103 \u0219i ra\u021bional\u0103<\/strong>, <strong>concentrare pe obiective<\/strong>, <strong>cunoa\u0219tere \u0219i autocunoa\u0219tere<\/strong>, <strong>diminuarea blocajelor emo\u021bionale<\/strong> \u00een fa\u021ba unui public, \u00een negociere \u0219i <strong>cre\u0219terea puterii de convingere<\/strong>.<\/p>\n<p style=\"text-align: justify;\">Echilibrate cu ateliere dinamice \u0219i statice, activit\u0103\u021bile ludice vor fi binevenite pe durata unei zile de tab\u0103r\u0103 urban\u0103.<\/p>\n<p style=\"text-align: justify;\">Vom povesti despre ecologie urban\u0103, despre legende urbane \u0219i istorie local\u0103 \u0219i le vom men\u021biona zilnic \u00eentr-un <em>jurnal de c\u0103l\u0103torie<\/em> pe durata taberei.<\/p>\n<p style=\"text-align: justify;\"><img data-recalc-dims=\"1\" loading=\"lazy\" decoding=\"async\" data-attachment-id=\"140\" data-permalink=\"https:\/\/tabereurbane.ro\/despre-tabere-urbane-solidus\/dinamic\/jocuri-dinamic\/\" data-orig-file=\"https:\/\/i0.wp.com\/tabereurbane.ro\/wp-content\/uploads\/2019\/03\/jocuri-dinamic.jpg?fit=1024%2C576&amp;ssl=1\" data-orig-size=\"1024,576\" data-comments-opened=\"1\" data-image-meta=\"{&quot;aperture&quot;:&quot;5.3&quot;,&quot;credit&quot;:&quot;&quot;,&quot;camera&quot;:&quot;NIKON D50&quot;,&quot;caption&quot;:&quot;&quot;,&quot;created_timestamp&quot;:&quot;1170750789&quot;,&quot;copyright&quot;:&quot;&quot;,&quot;focal_length&quot;:&quot;70&quot;,&quot;iso&quot;:&quot;0&quot;,&quot;shutter_speed&quot;:&quot;0.005&quot;,&quot;title&quot;:&quot;&quot;,&quot;orientation&quot;:&quot;1&quot;}\" data-image-title=\"jocuri-dinamic\" data-image-description=\"\" data-image-caption=\"\" data-large-file=\"https:\/\/i0.wp.com\/tabereurbane.ro\/wp-content\/uploads\/2019\/03\/jocuri-dinamic.jpg?fit=1024%2C576&amp;ssl=1\" class=\"aligncenter size-full wp-image-140\" src=\"https:\/\/i0.wp.com\/tabereurbane.ro\/wp-content\/uploads\/2019\/03\/jocuri-dinamic.jpg?resize=1024%2C576\" alt=\"\" width=\"1024\" height=\"576\" srcset=\"https:\/\/i0.wp.com\/tabereurbane.ro\/wp-content\/uploads\/2019\/03\/jocuri-dinamic.jpg?w=1024&amp;ssl=1 1024w, https:\/\/i0.wp.com\/tabereurbane.ro\/wp-content\/uploads\/2019\/03\/jocuri-dinamic.jpg?resize=300%2C169&amp;ssl=1 300w, https:\/\/i0.wp.com\/tabereurbane.ro\/wp-content\/uploads\/2019\/03\/jocuri-dinamic.jpg?resize=768%2C432&amp;ssl=1 768w, https:\/\/i0.wp.com\/tabereurbane.ro\/wp-content\/uploads\/2019\/03\/jocuri-dinamic.jpg?resize=830%2C467&amp;ssl=1 830w, https:\/\/i0.wp.com\/tabereurbane.ro\/wp-content\/uploads\/2019\/03\/jocuri-dinamic.jpg?resize=230%2C129&amp;ssl=1 230w, https:\/\/i0.wp.com\/tabereurbane.ro\/wp-content\/uploads\/2019\/03\/jocuri-dinamic.jpg?resize=350%2C197&amp;ssl=1 350w, https:\/\/i0.wp.com\/tabereurbane.ro\/wp-content\/uploads\/2019\/03\/jocuri-dinamic.jpg?resize=480%2C270&amp;ssl=1 480w\" sizes=\"auto, (max-width: 1024px) 100vw, 1024px\" \/><\/p>\n<hr \/>\n<blockquote><p><b>M\u0103suri de siguran\u021b\u0103 ANTI-COVID19<\/b><\/p>\n<p><b>Din cauza for\u021bei majore impuse prin noile reguli guvernamentale, etapizat\u0103 de starea de urgen\u021b\u0103, starea de alert\u0103 sau alte forme ulterioare de distan\u021bare social\u0103 sau fizic\u0103, suntem nevoi\u021bi s\u0103 ne adapt\u0103m ac\u021biunile cu grupurile de participan\u021bi.<\/b><\/p>\n<p><b>Astfel, am reconfigurat programele cu activit\u0103\u021bi urbane \u0219i am mic\u0219orat num\u0103rul de participan\u021bi \u00een grup: 14-15 copii.<\/b><\/p>\n<p><b>Folosind metodele adaptate perioadei de schimb\u0103ri socio-culturale implement\u0103m c\u00e2t mai multe resurse de siguran\u021b\u0103 cu optimism \u0219i precau\u021bie.<\/b><\/p><\/blockquote>\n<ul style=\"text-align: justify;\">\n<li><em>Coordonatorul taberei va m\u0103sura temperatura fiec\u0103rui participant la \u00eenceputul programului, la mijlocul zilei (\u00eenainte de pr\u00e2nz) \u0219i la finalul zilei; termometrul este digital, non-contact, utilizeaz\u0103 o tehnologie avansat\u0103 (IR) pentru m\u0103surarea instantanee \u0219i exact\u0103 a temperaturii corpului; va asigura comunicarea cu grupul de p\u0103rin\u021bi ai copiilor participan\u021bi din propria ini\u021biativ\u0103 sau la solicitarea acestora;<\/em><\/li>\n<li><em>Desf\u0103\u0219urarea activit\u0103\u021bilor se va realiza \u00een spa\u021bii deschise, cu maxim\u0103 pruden\u021b\u0103 \u00een deplasarea dintre obiective;<\/em><\/li>\n<li><em>Asigur\u0103m disponibilitatea unui vehicul care va \u00eenso\u021bi grupul \u00een permanen\u021b\u0103 \u00een caz de urgen\u021b\u0103;<\/em><\/li>\n<li><em>Asigur\u0103m m\u0103\u0219ti \u0219i m\u0103nu\u0219i atunci c\u00e2nd situa\u021bia o cere iar participan\u021bii nu au asupra lor aceste accesorii;<\/em><\/li>\n<li><em>Asigur\u0103m dezinfectarea tuturor echipamentelor cu care vor lucra copiii;<\/em><\/li>\n<li><em>Asigur\u0103m folosirea de dezinfectant pentru m\u00e2inile copiilor;<\/em><\/li>\n<li><em>Masa se va lua \u00een aer liber limit\u00e2nd interac\u021biunea cu alte persoane. Asigur\u0103m folosirea \u0219erve\u021belor umede pentru igienizare, atunci c\u00e2nd situa\u021bia nu ne permite s\u0103 ne sp\u0103l\u0103m pe m\u00e2ini cu ap\u0103 \u0219i s\u0103pun;<\/em><\/li>\n<li><em>Pentru picnic se vor asigura izoprene, fe\u021be de mas\u0103 de h\u00e2rtie, \u0219erve\u021bele umede \u0219i uscate, vase de unic\u0103 folosin\u021b\u0103 \u0219i pungi menajere.<\/em><\/li>\n<\/ul>\n<hr \/>\n<p style=\"text-align: justify;\"><b>Program \u201e<\/b><b><span style=\"color: #b007ad;\">Arte scenice<\/span>\u201d. Orar.<br \/>\n<\/b><\/p>\n<table>\n<tbody>\n<tr>\n<td>Or\u0103 \u00eenceput<\/td>\n<td>Or\u0103 sf\u00e2r\u0219it<\/td>\n<td><b>Ziua<\/b> &#8211; Activit\u0103\u021bi<\/td>\n<\/tr>\n<tr>\n<td>08:30<\/td>\n<td>09:00<\/td>\n<td>\u00eent\u00e2lnire cu copiii (Bun\u0103 diminea\u021ba!)<\/td>\n<\/tr>\n<tr>\n<td>09:00<\/td>\n<td>09:30<\/td>\n<td>deplasare c\u0103tre locul de joac\u0103<\/td>\n<\/tr>\n<tr>\n<td>09:30<\/td>\n<td>10:30<\/td>\n<td>A1 &#8211; Atelier de mi\u0219care scenic\u0103<\/td>\n<\/tr>\n<tr>\n<td>10:30<\/td>\n<td>11:00<\/td>\n<td>Pauz\u0103: Gustare<\/td>\n<\/tr>\n<tr>\n<td>11:00<\/td>\n<td>12:00<\/td>\n<td>A2 &#8211; Atelier de memorie<\/td>\n<\/tr>\n<tr>\n<td>12:00<\/td>\n<td>12:15<\/td>\n<td>pauz\u0103 activ\u0103<\/td>\n<\/tr>\n<tr>\n<td>12:15<\/td>\n<td>13:15<\/td>\n<td>A3 &#8211; Legende urbane \u0219i ateliere de bricolat<\/td>\n<\/tr>\n<tr>\n<td>13:15<\/td>\n<td>13:30<\/td>\n<td>deplasare c\u0103tre loc pr\u00e2nz \/ preg\u0103tire picnic<\/td>\n<\/tr>\n<tr>\n<td>13:30<\/td>\n<td>14:10<\/td>\n<td>pr\u00e2nz \/ picnic<\/td>\n<\/tr>\n<tr>\n<td>14:10<\/td>\n<td>14:25<\/td>\n<td>pauz\u0103 \/ cur\u0103\u021bare loc picnic<\/td>\n<\/tr>\n<tr>\n<td>14:25<\/td>\n<td>14:55<\/td>\n<td>deplasare c\u0103tre alt loc de joac\u0103<\/td>\n<\/tr>\n<tr>\n<td>14:55<\/td>\n<td>15:55<\/td>\n<td>A4 &#8211; Atelier \u201eTeatru radiofonic\u201d<\/td>\n<\/tr>\n<tr>\n<td>15:55<\/td>\n<td>16:05<\/td>\n<td>pauz\u0103 activ\u0103<\/td>\n<\/tr>\n<tr>\n<td>16:05<\/td>\n<td>17:05<\/td>\n<td>A5 &#8211; Atelier de istorie local\u0103<\/td>\n<\/tr>\n<tr>\n<td>17:05<\/td>\n<td>17:10<\/td>\n<td>pauz\u0103 activ\u0103<\/td>\n<\/tr>\n<tr>\n<td>17:10<\/td>\n<td>18:00<\/td>\n<td>A6 &#8211; Atelier: Antrenorul de jocuri<\/td>\n<\/tr>\n<tr>\n<td>18:00<\/td>\n<td>18:25<\/td>\n<td>\u00eent\u00e2lnire cu p\u0103rin\u021bii (Pe m\u00e2ine!)<\/td>\n<\/tr>\n<\/tbody>\n<\/table>\n<p style=\"text-align: justify;\"><em>Programul orar este doar orientativ.<\/em><\/p>\n<hr \/>\n<h3 style=\"text-align: justify;\"><span style=\"color: #cc0066;\">Pre\u021b program <b>\u201e<\/b><b>Arte scenice\u201d<\/b><b>: <\/b><b>500 lei<\/b>\/participant<\/span><\/h3>\n<p style=\"text-align: justify;\"><b>Detalii pentru rezervare:<\/b><\/p>\n<ul style=\"text-align: justify;\">\n<li>o serie de tab\u0103ra se va realiza pentru un grup de maxim 15 participan\u021bi \u0219i minim 10 participan\u021bi<\/li>\n<li>la rezervarea locului \u00eentr-o serie, se va achita un avans de 50 lei pentru fiecare serie<\/li>\n<li>cu 7 zile \u00eenainte de \u00eenceperea ac\u021biunii se va achita diferen\u021ba pentru serviciul achizi\u021bionat<\/li>\n<\/ul>\n<p style=\"text-align: justify;\"><b>Pre\u021bul excursiei include<\/b><\/p>\n<ul style=\"text-align: justify;\">\n<li>intrarea la obiectivele prev\u0103zute \u00een program<\/li>\n<li>1 animator la 5 copii<\/li>\n<li>transportul cu microbuzul pentru zilele prev\u0103zute cu excursie<\/li>\n<li>m\u0103\u0219ti \u0219i m\u0103nu\u0219i pentru copii care nu au, dar situa\u021bia o impune<\/li>\n<li>dezinfectant pentru participan\u021bi<\/li>\n<li>o gustare care const\u0103 \u00eentr-un fruct, biscui\u021bi, ceai<\/li>\n<\/ul>\n<p style=\"text-align: justify;\"><b>Se achit\u0103 separat:<\/b><\/p>\n<ul style=\"text-align: justify;\">\n<li>125 lei\/s\u0103pt\u0103m\u00e2n\u0103 pentru m\u00e2ncare (25 lei\/ zi). M\u00e2ncarea va fi livrat\u0103 \u00een regim de catering \u0219i va fi servit\u0103 ca picnic \u00een loca\u021bia aflat\u0103.<\/li>\n<li>Alte servicii \u00een afar\u0103 de cele men\u021bionate \u00een program.<\/li>\n<\/ul>\n<hr \/>\n<h3 style=\"text-align: justify;\"><strong>Ofert\u0103 promo\u021bional\u0103 <\/strong><\/h3>\n<p style=\"text-align: justify;\">Pentru a rezerva un loc \u00een 2 (dou\u0103) serii consecutive de tabere cu tematici diferite se ofer\u0103 o <span style=\"background-color: #ffff99;\"><span style=\"color: #b007ad;\"><span style=\"font-size: 14pt;\"><strong>reducere de 5%<\/strong>.<\/span> <strong>Pre\u021bul celor 2 tabere \u00een s\u0103pt\u0103m\u00e2ni consecutive este de 950 lei<\/strong><\/span>.<\/span><\/p>\n<hr \/>\n<p style=\"text-align: justify;\"><a href=\"http:\/\/tabereurbane.ro\/contact\/\" target=\"_blank\" rel=\"noopener noreferrer\"><strong>Rezerv\u0103 acum<\/strong><\/a> un loc \u00een tab\u0103ra urban\u0103, men\u021bioneaz\u0103 v\u00e2rsta participantului, perioada \u0219i tematica favorit\u0103.<br \/>\nLocurile sunt limitate!<\/p>\n","protected":false},"excerpt":{"rendered":"<p>Programul \u201eArte scenice\u201d urm\u0103re\u0219te s\u0103 ating\u0103 obiectivele specifice dezvolt\u0103rii personalit\u0103\u021bii \u0219i a abilit\u0103\u021bilor de comunicare, precum \u0219i combaterea timidit\u0103\u021bii \u0219i a fricii [&hellip;]<\/p>\n","protected":false},"author":1,"featured_media":140,"parent":0,"menu_order":0,"comment_status":"closed","ping_status":"closed","template":"","meta":{"jetpack_post_was_ever_published":false,"footnotes":""},"class_list":["post-395","page","type-page","status-publish","has-post-thumbnail","hentry"],"jetpack_sharing_enabled":true,"jetpack_shortlink":"https:\/\/wp.me\/PaQ9si-6n","jetpack-related-posts":[{"id":289,"url":"https:\/\/tabereurbane.ro\/despre-tabere-urbane-solidus\/prietenie-in-natura-urbana\/","url_meta":{"origin":395,"position":0},"title":"Prietenie \u00een natura urban\u0103","author":"Solidus' Electric Eye","date":"27 mai 2020","format":false,"excerpt":"Programul \u201ePrietenie \u00een natura urban\u0103\u201d urm\u0103re\u0219te s\u0103 ating\u0103 obiectivele specifice coeziunii de grup. Tab\u0103r\u0103 urban\u0103 de 5 zile V\u00e2rst\u0103: 7-12 ani Program Luni- Vineri Orar: 8:30-18:30 Cel mai important factor extern pentru a consolida un grup este sistemul de stimulente: Motivarea - pre-ac\u021biune \u0219i Recompensa - post-ac\u021biune. Acestea se pot\u2026","rel":"","context":"Articol similar","block_context":{"text":"Articol similar","link":""},"img":{"alt_text":"","src":"https:\/\/i0.wp.com\/tabereurbane.ro\/wp-content\/uploads\/2019\/12\/TU09.jpg?fit=1200%2C804&ssl=1&resize=350%2C200","width":350,"height":200,"srcset":"https:\/\/i0.wp.com\/tabereurbane.ro\/wp-content\/uploads\/2019\/12\/TU09.jpg?fit=1200%2C804&ssl=1&resize=350%2C200 1x, https:\/\/i0.wp.com\/tabereurbane.ro\/wp-content\/uploads\/2019\/12\/TU09.jpg?fit=1200%2C804&ssl=1&resize=525%2C300 1.5x, https:\/\/i0.wp.com\/tabereurbane.ro\/wp-content\/uploads\/2019\/12\/TU09.jpg?fit=1200%2C804&ssl=1&resize=700%2C400 2x, https:\/\/i0.wp.com\/tabereurbane.ro\/wp-content\/uploads\/2019\/12\/TU09.jpg?fit=1200%2C804&ssl=1&resize=1050%2C600 3x"},"classes":[]},{"id":317,"url":"https:\/\/tabereurbane.ro\/despre-tabere-urbane-solidus\/art-deco-foto\/","url_meta":{"origin":395,"position":1},"title":"Art &#038; Deco &#038; Foto","author":"Solidus' Electric Eye","date":"29 mai 2020","format":false,"excerpt":"Programul \u201eArt & Deco & Foto\u201d urm\u0103re\u0219te s\u0103 ating\u0103 obiectivele specifice dezvolt\u0103rii sim\u021bului artistic prin forme sau volume asistate de fotografie. Tab\u0103r\u0103 urban\u0103 de 5 zile V\u00e2rst\u0103: 7-12 ani Program Luni- Vineri Orar: 8:30-18:30 De-a lungul zilei materiale pe care s\u0103 le folosim s\u0103 ob\u021binem modele decorative, \u00eenv\u0103\u021b\u00e2nd despre figur\u0103\u2026","rel":"","context":"Articol similar","block_context":{"text":"Articol similar","link":""},"img":{"alt_text":"","src":"https:\/\/i0.wp.com\/tabereurbane.ro\/wp-content\/uploads\/2019\/12\/TU17.jpg?fit=1200%2C804&ssl=1&resize=350%2C200","width":350,"height":200,"srcset":"https:\/\/i0.wp.com\/tabereurbane.ro\/wp-content\/uploads\/2019\/12\/TU17.jpg?fit=1200%2C804&ssl=1&resize=350%2C200 1x, https:\/\/i0.wp.com\/tabereurbane.ro\/wp-content\/uploads\/2019\/12\/TU17.jpg?fit=1200%2C804&ssl=1&resize=525%2C300 1.5x, https:\/\/i0.wp.com\/tabereurbane.ro\/wp-content\/uploads\/2019\/12\/TU17.jpg?fit=1200%2C804&ssl=1&resize=700%2C400 2x, https:\/\/i0.wp.com\/tabereurbane.ro\/wp-content\/uploads\/2019\/12\/TU17.jpg?fit=1200%2C804&ssl=1&resize=1050%2C600 3x"},"classes":[]},{"id":3,"url":"https:\/\/tabereurbane.ro\/despre-tabere-urbane-solidus\/politica-de-confidentialitate\/","url_meta":{"origin":395,"position":2},"title":"Politic\u0103 de confiden\u021bialitate","author":"Solidus' Electric Eye","date":"24 martie 2019","format":false,"excerpt":"Introducere Siteul nostru foloseste cookie-uri pentru optimizarea con\u021binutului si imbun\u0103t\u0103tirea performantei platformei. Continuarea navigarii constituie acceptul dumneavoastr\u0103 ca pagina noastra web s\u0103 poat\u0103 seta fi\u0219iere de tip cookie \u00een browserul pe care-l folosi\u021bi pentru navigarea pe internet. Acest website face parte din portofoliul de proiecte educa\u021bionale ale Asocia\u021biei pentru Educa\u021bie\u2026","rel":"","context":"Articol similar","block_context":{"text":"Articol similar","link":""},"img":{"alt_text":"","src":"","width":0,"height":0},"classes":[]},{"id":89,"url":"https:\/\/tabereurbane.ro\/despre-tabere-urbane-solidus\/dinamic\/","url_meta":{"origin":395,"position":3},"title":"Dinamic","author":"Solidus' Electric Eye","date":"28 martie 2019","format":false,"excerpt":"Programul este anulat din cauza restric\u021biilor \u00een perioada pandemiei (SARS-CoV-2) COVID-19. Urm\u0103re\u0219te ultimele hot\u0103r\u00e2ri cu privire la relaxarea m\u0103surilor de prevenire \u0219i combatere a efectelor pandemiei de COVID-19. R\u0103m\u00e2i informat! R\u0103m\u00e2i s\u0103n\u0103tos! Programul variaz\u0103 \u00een func\u021bie de starea vremii \u0219i de agenda partenerilor: Vizit\u0103 la institu\u021bii muzeale; Vizit\u0103 la case\u2026","rel":"","context":"Articol similar","block_context":{"text":"Articol similar","link":""},"img":{"alt_text":"","src":"https:\/\/i0.wp.com\/tabereurbane.ro\/wp-content\/uploads\/2019\/03\/jocuri-dinamic.jpg?fit=1024%2C576&ssl=1&resize=350%2C200","width":350,"height":200,"srcset":"https:\/\/i0.wp.com\/tabereurbane.ro\/wp-content\/uploads\/2019\/03\/jocuri-dinamic.jpg?fit=1024%2C576&ssl=1&resize=350%2C200 1x, https:\/\/i0.wp.com\/tabereurbane.ro\/wp-content\/uploads\/2019\/03\/jocuri-dinamic.jpg?fit=1024%2C576&ssl=1&resize=525%2C300 1.5x, https:\/\/i0.wp.com\/tabereurbane.ro\/wp-content\/uploads\/2019\/03\/jocuri-dinamic.jpg?fit=1024%2C576&ssl=1&resize=700%2C400 2x"},"classes":[]},{"id":309,"url":"https:\/\/tabereurbane.ro\/despre-tabere-urbane-solidus\/magia-cuvintelor\/","url_meta":{"origin":395,"position":4},"title":"Magia cuvintelor","author":"Solidus' Electric Eye","date":"28 mai 2020","format":false,"excerpt":"Programul \u201eMagia cuvintelor\u201d urm\u0103re\u0219te s\u0103 ating\u0103 obiectivele specifice comunic\u0103rii. Tab\u0103r\u0103 urban\u0103 de 5 zile V\u00e2rst\u0103: 7-12 ani Program Luni- Vineri Orar: 8:30-18:30 Activit\u0103\u021bile recreative au rolul de a ajuta copiii s\u0103 se relaxeze \u0219i s\u0103 sporeasc\u0103 nivelul de energie necesar unei bune dezvolt\u0103ri psihice \u0219i intelectuale. Activit\u0103\u021bile de recreere activ\u0103\u2026","rel":"","context":"Articol similar","block_context":{"text":"Articol similar","link":""},"img":{"alt_text":"","src":"https:\/\/i0.wp.com\/tabereurbane.ro\/wp-content\/uploads\/2019\/12\/TU03.jpg?fit=1200%2C804&ssl=1&resize=350%2C200","width":350,"height":200,"srcset":"https:\/\/i0.wp.com\/tabereurbane.ro\/wp-content\/uploads\/2019\/12\/TU03.jpg?fit=1200%2C804&ssl=1&resize=350%2C200 1x, https:\/\/i0.wp.com\/tabereurbane.ro\/wp-content\/uploads\/2019\/12\/TU03.jpg?fit=1200%2C804&ssl=1&resize=525%2C300 1.5x, https:\/\/i0.wp.com\/tabereurbane.ro\/wp-content\/uploads\/2019\/12\/TU03.jpg?fit=1200%2C804&ssl=1&resize=700%2C400 2x, https:\/\/i0.wp.com\/tabereurbane.ro\/wp-content\/uploads\/2019\/12\/TU03.jpg?fit=1200%2C804&ssl=1&resize=1050%2C600 3x"},"classes":[]},{"id":92,"url":"https:\/\/tabereurbane.ro\/despre-tabere-urbane-solidus\/clasic\/","url_meta":{"origin":395,"position":5},"title":"Clasic","author":"Solidus' Electric Eye","date":"28 martie 2019","format":false,"excerpt":"Programul este anulat din cauza restric\u021biilor \u00een perioada pandemiei (SARS-CoV-2) COVID-19. Urm\u0103re\u0219te ultimele hot\u0103r\u00e2ri cu privire la relaxarea m\u0103surilor de prevenire \u0219i combatere a efectelor pandemiei de COVID-19. R\u0103m\u00e2i informat! R\u0103m\u00e2i s\u0103n\u0103tos! Programul variaz\u0103 \u00een func\u021bie de starea vremii \u0219i de agenda partenerilor: Vizit\u0103 la institu\u021bii muzeale; Ateliere de crea\u021bie\u2026","rel":"","context":"Articol similar","block_context":{"text":"Articol similar","link":""},"img":{"alt_text":"","src":"https:\/\/i0.wp.com\/tabereurbane.ro\/wp-content\/uploads\/2019\/03\/oferte-standard.jpg?fit=1024%2C576&ssl=1&resize=350%2C200","width":350,"height":200,"srcset":"https:\/\/i0.wp.com\/tabereurbane.ro\/wp-content\/uploads\/2019\/03\/oferte-standard.jpg?fit=1024%2C576&ssl=1&resize=350%2C200 1x, https:\/\/i0.wp.com\/tabereurbane.ro\/wp-content\/uploads\/2019\/03\/oferte-standard.jpg?fit=1024%2C576&ssl=1&resize=525%2C300 1.5x, https:\/\/i0.wp.com\/tabereurbane.ro\/wp-content\/uploads\/2019\/03\/oferte-standard.jpg?fit=1024%2C576&ssl=1&resize=700%2C400 2x"},"classes":[]}],"_links":{"self":[{"href":"https:\/\/tabereurbane.ro\/despre-tabere-urbane-solidus\/wp-json\/wp\/v2\/pages\/395","targetHints":{"allow":["GET"]}}],"collection":[{"href":"https:\/\/tabereurbane.ro\/despre-tabere-urbane-solidus\/wp-json\/wp\/v2\/pages"}],"about":[{"href":"https:\/\/tabereurbane.ro\/despre-tabere-urbane-solidus\/wp-json\/wp\/v2\/types\/page"}],"author":[{"embeddable":true,"href":"https:\/\/tabereurbane.ro\/despre-tabere-urbane-solidus\/wp-json\/wp\/v2\/users\/1"}],"replies":[{"embeddable":true,"href":"https:\/\/tabereurbane.ro\/despre-tabere-urbane-solidus\/wp-json\/wp\/v2\/comments?post=395"}],"version-history":[{"count":5,"href":"https:\/\/tabereurbane.ro\/despre-tabere-urbane-solidus\/wp-json\/wp\/v2\/pages\/395\/revisions"}],"predecessor-version":[{"id":407,"href":"https:\/\/tabereurbane.ro\/despre-tabere-urbane-solidus\/wp-json\/wp\/v2\/pages\/395\/revisions\/407"}],"wp:featuredmedia":[{"embeddable":true,"href":"https:\/\/tabereurbane.ro\/despre-tabere-urbane-solidus\/wp-json\/wp\/v2\/media\/140"}],"wp:attachment":[{"href":"https:\/\/tabereurbane.ro\/despre-tabere-urbane-solidus\/wp-json\/wp\/v2\/media?parent=395"}],"curies":[{"name":"wp","href":"https:\/\/api.w.org\/{rel}","templated":true}]}}