{"id":318,"date":"2020-05-29T14:16:36","date_gmt":"2020-05-29T11:16:36","guid":{"rendered":"http:\/\/tabereurbane.ro\/?page_id=318"},"modified":"2020-05-30T15:53:33","modified_gmt":"2020-05-30T12:53:33","slug":"masculin","status":"publish","type":"page","link":"https:\/\/tabereurbane.ro\/despre-tabere-urbane-solidus\/masculin\/","title":{"rendered":"Urbanicum Rex: Masculinum est"},"content":{"rendered":"<ul>\n<li>Tab\u0103r\u0103 urban\u0103 de <strong>5 zile<\/strong><\/li>\n<li>V\u00e2rst\u0103: <strong>12-13 ani<\/strong><\/li>\n<li>Gen: <strong><span style=\"text-decoration: underline;\">masculin<\/span> preadolescent <\/strong><\/li>\n<li>Program <strong>Luni-Vineri<\/strong><\/li>\n<li>Orar: <strong>8:30-18:30<\/strong><\/li>\n<\/ul>\n<hr \/>\n<p style=\"text-align: justify;\">C\u00e2nd copiii se apropie de v\u00e2rsta adolescen\u021bei devine din ce \u00een ce mai dificil pentru p\u0103rin\u021bi s\u0103 p\u0103streze o bun\u0103 rela\u021bie cu ace\u0219tia.<\/p>\n<blockquote>\n<p style=\"text-align: justify;\">Dragi p\u0103rin\u021bi,<\/p>\n<p style=\"text-align: justify;\"><em>\u0219tim c\u0103 e din ce \u00een ce mai dificil s\u0103 <strong>Petrece\u0163i timp \u00eempreun\u0103<\/strong> cu copiii. Poate nu ave\u021bi chef sau r\u0103bdare s\u0103 <strong>Crea\u0163i momente speciale<\/strong> pentru ei. V\u0103 recomand\u0103m s\u0103 v\u0103 <strong>Manifesta\u0163i afec\u0163iunea<\/strong> c\u00e2t de des pute\u021bi fa\u021b\u0103 de ei. Abia a\u0219teapt\u0103, dar mascheaz\u0103 impecabil. Nu ne permitem s\u0103 d\u0103m sfaturi nim\u0103nui, dar e foarte important s\u0103 <strong>R\u0103m\u00e2ne\u0163i implica\u0163i<\/strong> \u00een via\u021ba lor. <strong>P\u0103stra\u0163i-v\u0103 interesul<\/strong> \u0219i <strong>ar\u0103ta\u021bi-le c\u0103 v\u0103<\/strong><strong> pas\u0103<\/strong> de ei.<\/em><\/p>\n<\/blockquote>\n<p>&nbsp;<\/p>\n<p style=\"text-align: center;\"><span style=\"font-size: 36pt; color: #0000ff;\">\u2654<\/span><\/p>\n<p style=\"text-align: justify;\"><b>Revenim cur\u00e2nd cu programul adaptat <\/b><span style=\"font-size: 14pt;\">preadolescen\u021bilor<\/span><b> \u0219i potrivit perioadei post-pandemie. <\/b><\/p>\n","protected":false},"excerpt":{"rendered":"<p>Tab\u0103r\u0103 urban\u0103 de 5 zile V\u00e2rst\u0103: 12-13 ani Gen: masculin preadolescent Program Luni-Vineri Orar: 8:30-18:30 C\u00e2nd copiii se apropie de v\u00e2rsta adolescen\u021bei [&hellip;]<\/p>\n","protected":false},"author":1,"featured_media":0,"parent":0,"menu_order":0,"comment_status":"closed","ping_status":"closed","template":"","meta":{"jetpack_post_was_ever_published":false,"footnotes":""},"class_list":["post-318","page","type-page","status-publish","hentry"],"jetpack_sharing_enabled":true,"jetpack_shortlink":"https:\/\/wp.me\/PaQ9si-58","jetpack-related-posts":[{"id":321,"url":"https:\/\/tabereurbane.ro\/despre-tabere-urbane-solidus\/feminin\/","url_meta":{"origin":318,"position":0},"title":"Princeps Urbanica: m\u00e2ndrie &#038; delicate\u021be","author":"Solidus' Electric Eye","date":"29 mai 2020","format":false,"excerpt":"Tab\u0103r\u0103 urban\u0103 de 5 zile V\u00e2rst\u0103: 12-13 ani Gen: feminin preadolescent Program Luni-Vineri Orar: 8:30-18:30 C\u00e2nd copiii se apropie de v\u00e2rsta adolescen\u021bei devine din ce \u00een ce mai dificil pentru p\u0103rin\u021bi s\u0103 p\u0103streze o bun\u0103 rela\u021bie cu ace\u0219tia. Dragi p\u0103rin\u021bi, \u0219tim c\u0103 e din ce \u00een ce mai dificil s\u0103\u2026","rel":"","context":"Articol similar","block_context":{"text":"Articol similar","link":""},"img":{"alt_text":"","src":"","width":0,"height":0},"classes":[]},{"id":309,"url":"https:\/\/tabereurbane.ro\/despre-tabere-urbane-solidus\/magia-cuvintelor\/","url_meta":{"origin":318,"position":1},"title":"Magia cuvintelor","author":"Solidus' Electric Eye","date":"28 mai 2020","format":false,"excerpt":"Programul \u201eMagia cuvintelor\u201d urm\u0103re\u0219te s\u0103 ating\u0103 obiectivele specifice comunic\u0103rii. Tab\u0103r\u0103 urban\u0103 de 5 zile V\u00e2rst\u0103: 7-12 ani Program Luni- Vineri Orar: 8:30-18:30 Activit\u0103\u021bile recreative au rolul de a ajuta copiii s\u0103 se relaxeze \u0219i s\u0103 sporeasc\u0103 nivelul de energie necesar unei bune dezvolt\u0103ri psihice \u0219i intelectuale. Activit\u0103\u021bile de recreere activ\u0103\u2026","rel":"","context":"Articol similar","block_context":{"text":"Articol similar","link":""},"img":{"alt_text":"","src":"https:\/\/i0.wp.com\/tabereurbane.ro\/wp-content\/uploads\/2019\/12\/TU03.jpg?fit=1200%2C804&ssl=1&resize=350%2C200","width":350,"height":200,"srcset":"https:\/\/i0.wp.com\/tabereurbane.ro\/wp-content\/uploads\/2019\/12\/TU03.jpg?fit=1200%2C804&ssl=1&resize=350%2C200 1x, https:\/\/i0.wp.com\/tabereurbane.ro\/wp-content\/uploads\/2019\/12\/TU03.jpg?fit=1200%2C804&ssl=1&resize=525%2C300 1.5x, https:\/\/i0.wp.com\/tabereurbane.ro\/wp-content\/uploads\/2019\/12\/TU03.jpg?fit=1200%2C804&ssl=1&resize=700%2C400 2x, https:\/\/i0.wp.com\/tabereurbane.ro\/wp-content\/uploads\/2019\/12\/TU03.jpg?fit=1200%2C804&ssl=1&resize=1050%2C600 3x"},"classes":[]},{"id":289,"url":"https:\/\/tabereurbane.ro\/despre-tabere-urbane-solidus\/prietenie-in-natura-urbana\/","url_meta":{"origin":318,"position":2},"title":"Prietenie \u00een natura urban\u0103","author":"Solidus' Electric Eye","date":"27 mai 2020","format":false,"excerpt":"Programul \u201ePrietenie \u00een natura urban\u0103\u201d urm\u0103re\u0219te s\u0103 ating\u0103 obiectivele specifice coeziunii de grup. Tab\u0103r\u0103 urban\u0103 de 5 zile V\u00e2rst\u0103: 7-12 ani Program Luni- Vineri Orar: 8:30-18:30 Cel mai important factor extern pentru a consolida un grup este sistemul de stimulente: Motivarea - pre-ac\u021biune \u0219i Recompensa - post-ac\u021biune. Acestea se pot\u2026","rel":"","context":"Articol similar","block_context":{"text":"Articol similar","link":""},"img":{"alt_text":"","src":"https:\/\/i0.wp.com\/tabereurbane.ro\/wp-content\/uploads\/2019\/12\/TU09.jpg?fit=1200%2C804&ssl=1&resize=350%2C200","width":350,"height":200,"srcset":"https:\/\/i0.wp.com\/tabereurbane.ro\/wp-content\/uploads\/2019\/12\/TU09.jpg?fit=1200%2C804&ssl=1&resize=350%2C200 1x, https:\/\/i0.wp.com\/tabereurbane.ro\/wp-content\/uploads\/2019\/12\/TU09.jpg?fit=1200%2C804&ssl=1&resize=525%2C300 1.5x, https:\/\/i0.wp.com\/tabereurbane.ro\/wp-content\/uploads\/2019\/12\/TU09.jpg?fit=1200%2C804&ssl=1&resize=700%2C400 2x, https:\/\/i0.wp.com\/tabereurbane.ro\/wp-content\/uploads\/2019\/12\/TU09.jpg?fit=1200%2C804&ssl=1&resize=1050%2C600 3x"},"classes":[]},{"id":317,"url":"https:\/\/tabereurbane.ro\/despre-tabere-urbane-solidus\/art-deco-foto\/","url_meta":{"origin":318,"position":3},"title":"Art &#038; Deco &#038; Foto","author":"Solidus' Electric Eye","date":"29 mai 2020","format":false,"excerpt":"Programul \u201eArt & Deco & Foto\u201d urm\u0103re\u0219te s\u0103 ating\u0103 obiectivele specifice dezvolt\u0103rii sim\u021bului artistic prin forme sau volume asistate de fotografie. Tab\u0103r\u0103 urban\u0103 de 5 zile V\u00e2rst\u0103: 7-12 ani Program Luni- Vineri Orar: 8:30-18:30 De-a lungul zilei materiale pe care s\u0103 le folosim s\u0103 ob\u021binem modele decorative, \u00eenv\u0103\u021b\u00e2nd despre figur\u0103\u2026","rel":"","context":"Articol similar","block_context":{"text":"Articol similar","link":""},"img":{"alt_text":"","src":"https:\/\/i0.wp.com\/tabereurbane.ro\/wp-content\/uploads\/2019\/12\/TU17.jpg?fit=1200%2C804&ssl=1&resize=350%2C200","width":350,"height":200,"srcset":"https:\/\/i0.wp.com\/tabereurbane.ro\/wp-content\/uploads\/2019\/12\/TU17.jpg?fit=1200%2C804&ssl=1&resize=350%2C200 1x, https:\/\/i0.wp.com\/tabereurbane.ro\/wp-content\/uploads\/2019\/12\/TU17.jpg?fit=1200%2C804&ssl=1&resize=525%2C300 1.5x, https:\/\/i0.wp.com\/tabereurbane.ro\/wp-content\/uploads\/2019\/12\/TU17.jpg?fit=1200%2C804&ssl=1&resize=700%2C400 2x, https:\/\/i0.wp.com\/tabereurbane.ro\/wp-content\/uploads\/2019\/12\/TU17.jpg?fit=1200%2C804&ssl=1&resize=1050%2C600 3x"},"classes":[]},{"id":395,"url":"https:\/\/tabereurbane.ro\/despre-tabere-urbane-solidus\/arte-scenice\/","url_meta":{"origin":318,"position":4},"title":"Arte scenice","author":"Solidus' Electric Eye","date":"30 mai 2020","format":false,"excerpt":"Programul \u201eArte scenice\u201d urm\u0103re\u0219te s\u0103 ating\u0103 obiectivele specifice dezvolt\u0103rii personalit\u0103\u021bii \u0219i a abilit\u0103\u021bilor de comunicare, precum \u0219i combaterea timidit\u0103\u021bii \u0219i a fricii de e\u0219ec. Jocurile de improviza\u021bie vor dezvolta aten\u021bia, capacitata de memorare, motricitatea, flexibilitatea \u00een g\u00e2ndire \u0219i viteza de reac\u021bie. Tab\u0103r\u0103 urban\u0103 de 5 zile V\u00e2rst\u0103: 7-12 ani Program\u2026","rel":"","context":"Articol similar","block_context":{"text":"Articol similar","link":""},"img":{"alt_text":"","src":"https:\/\/i0.wp.com\/tabereurbane.ro\/wp-content\/uploads\/2019\/03\/jocuri-dinamic.jpg?fit=1024%2C576&ssl=1&resize=350%2C200","width":350,"height":200,"srcset":"https:\/\/i0.wp.com\/tabereurbane.ro\/wp-content\/uploads\/2019\/03\/jocuri-dinamic.jpg?fit=1024%2C576&ssl=1&resize=350%2C200 1x, https:\/\/i0.wp.com\/tabereurbane.ro\/wp-content\/uploads\/2019\/03\/jocuri-dinamic.jpg?fit=1024%2C576&ssl=1&resize=525%2C300 1.5x, https:\/\/i0.wp.com\/tabereurbane.ro\/wp-content\/uploads\/2019\/03\/jocuri-dinamic.jpg?fit=1024%2C576&ssl=1&resize=700%2C400 2x"},"classes":[]},{"id":262,"url":"https:\/\/tabereurbane.ro\/despre-tabere-urbane-solidus\/","url_meta":{"origin":318,"position":5},"title":"Despre \u201eTabere Urbane Solidus\u201d","author":"Solidus' Electric Eye","date":"26 mai 2020","format":false,"excerpt":"Activit\u0103\u021bile de var\u0103 \u0219i unele comportamente sedentare influen\u021beaz\u0103 negativ percep\u021bia copiilor despre vacan\u021b\u0103. \u00cen urma unui studiu efectuat pe un e\u0219antion reprezentativ 9-16 ani, la nivel local (Bucure\u0219ti), \u00een perioada vacan\u021bei de var\u0103 2017 \u0219i actualizat \u00een 2018 s-au constatat trei tipuri de comportamente A) sedentar B) semi-activ, f\u0103r\u0103 obiective\u2026","rel":"","context":"Articol similar","block_context":{"text":"Articol similar","link":""},"img":{"alt_text":"","src":"","width":0,"height":0},"classes":[]}],"_links":{"self":[{"href":"https:\/\/tabereurbane.ro\/despre-tabere-urbane-solidus\/wp-json\/wp\/v2\/pages\/318","targetHints":{"allow":["GET"]}}],"collection":[{"href":"https:\/\/tabereurbane.ro\/despre-tabere-urbane-solidus\/wp-json\/wp\/v2\/pages"}],"about":[{"href":"https:\/\/tabereurbane.ro\/despre-tabere-urbane-solidus\/wp-json\/wp\/v2\/types\/page"}],"author":[{"embeddable":true,"href":"https:\/\/tabereurbane.ro\/despre-tabere-urbane-solidus\/wp-json\/wp\/v2\/users\/1"}],"replies":[{"embeddable":true,"href":"https:\/\/tabereurbane.ro\/despre-tabere-urbane-solidus\/wp-json\/wp\/v2\/comments?post=318"}],"version-history":[{"count":9,"href":"https:\/\/tabereurbane.ro\/despre-tabere-urbane-solidus\/wp-json\/wp\/v2\/pages\/318\/revisions"}],"predecessor-version":[{"id":393,"href":"https:\/\/tabereurbane.ro\/despre-tabere-urbane-solidus\/wp-json\/wp\/v2\/pages\/318\/revisions\/393"}],"wp:attachment":[{"href":"https:\/\/tabereurbane.ro\/despre-tabere-urbane-solidus\/wp-json\/wp\/v2\/media?parent=318"}],"curies":[{"name":"wp","href":"https:\/\/api.w.org\/{rel}","templated":true}]}}