{"id":309,"date":"2020-05-28T16:56:20","date_gmt":"2020-05-28T13:56:20","guid":{"rendered":"http:\/\/tabereurbane.ro\/?page_id=309"},"modified":"2020-05-29T22:54:42","modified_gmt":"2020-05-29T19:54:42","slug":"magia-cuvintelor","status":"publish","type":"page","link":"https:\/\/tabereurbane.ro\/despre-tabere-urbane-solidus\/magia-cuvintelor\/","title":{"rendered":"Magia cuvintelor"},"content":{"rendered":"<h4 style=\"text-align: justify;\"><span style=\"color: #ff0000;\">Programul \u201e<b>Magia cuvintelor\u201d <\/b>urm\u0103re\u0219te s\u0103 ating\u0103 obiectivele specifice comunic\u0103rii. <\/span><b><\/b><\/h4>\n<ul>\n<li>Tab\u0103r\u0103 urban\u0103 de 5 zile<\/li>\n<li>V\u00e2rst\u0103: 7-12 ani<\/li>\n<li>Program Luni- Vineri<\/li>\n<li>Orar: 8:30-18:30<\/li>\n<\/ul>\n<p style=\"text-align: justify;\">Activit\u0103\u021bile recreative au rolul de a ajuta copiii s\u0103 se relaxeze \u0219i s\u0103 sporeasc\u0103 nivelul de energie necesar unei bune dezvolt\u0103ri psihice \u0219i intelectuale. Activit\u0103\u021bile de recreere activ\u0103 \u0219i jocul prezint\u0103 o serie de avantaje. Am ales ca aceast\u0103 tematic\u0103 s\u0103 se axeze pe jocul de cuvinte, pe dic\u021bie \u0219i pe interpretarea pove\u0219tilor. Pe schimbul de pove\u0219ti \u0219i continuarea lor \u00een caruselul imagina\u021biei fiec\u0103rui participant din grup.<\/p>\n<p style=\"text-align: justify;\">Scopul <em>Atelierului de minciuni<\/em> este de con\u0219tientizare \u0219i delimitare clar\u0103 a Realit\u0103\u021bii de Abstract, c\u00e2nd \u0219i de ce folosim metafora \u00een cotidian.<\/p>\n<p style=\"text-align: justify;\">Cu ajutorul cuvintelor vom experimenta c\u0103l\u0103toria \u00een lumea ideal\u0103 a fiec\u0103rui participant, la s\u00e2nul mamei-natur\u0103, vom povesti din diverse pozi\u021bii \u0219i roluri: personaj, narator, conflict, dialog, descriere, atmosfer\u0103, stil.<\/p>\n<p style=\"text-align: justify;\">Vom povesti despre ecologie urban\u0103, despre legende urbane \u0219i istorie local\u0103 \u0219i le vom men\u021biona zilnic \u00eentr-un <em>jurnal de c\u0103l\u0103torie<\/em> pe durata taberei.<\/p>\n<p><img data-recalc-dims=\"1\" loading=\"lazy\" decoding=\"async\" data-attachment-id=\"230\" data-permalink=\"https:\/\/tabereurbane.ro\/despre-tabere-urbane-solidus\/magia-cuvintelor\/tu03\/\" data-orig-file=\"https:\/\/i0.wp.com\/tabereurbane.ro\/wp-content\/uploads\/2019\/12\/TU03.jpg?fit=1426%2C955&amp;ssl=1\" data-orig-size=\"1426,955\" data-comments-opened=\"0\" data-image-meta=\"{&quot;aperture&quot;:&quot;0&quot;,&quot;credit&quot;:&quot;&quot;,&quot;camera&quot;:&quot;&quot;,&quot;caption&quot;:&quot;&quot;,&quot;created_timestamp&quot;:&quot;0&quot;,&quot;copyright&quot;:&quot;&quot;,&quot;focal_length&quot;:&quot;0&quot;,&quot;iso&quot;:&quot;0&quot;,&quot;shutter_speed&quot;:&quot;0&quot;,&quot;title&quot;:&quot;&quot;,&quot;orientation&quot;:&quot;0&quot;}\" data-image-title=\"TU03\" data-image-description=\"\" data-image-caption=\"\" data-large-file=\"https:\/\/i0.wp.com\/tabereurbane.ro\/wp-content\/uploads\/2019\/12\/TU03.jpg?fit=1024%2C686&amp;ssl=1\" class=\"aligncenter size-full wp-image-230\" src=\"https:\/\/i0.wp.com\/tabereurbane.ro\/wp-content\/uploads\/2019\/12\/TU03.jpg?resize=1170%2C784\" alt=\"\" width=\"1170\" height=\"784\" srcset=\"https:\/\/i0.wp.com\/tabereurbane.ro\/wp-content\/uploads\/2019\/12\/TU03.jpg?w=1426&amp;ssl=1 1426w, https:\/\/i0.wp.com\/tabereurbane.ro\/wp-content\/uploads\/2019\/12\/TU03.jpg?resize=300%2C201&amp;ssl=1 300w, https:\/\/i0.wp.com\/tabereurbane.ro\/wp-content\/uploads\/2019\/12\/TU03.jpg?resize=768%2C514&amp;ssl=1 768w, https:\/\/i0.wp.com\/tabereurbane.ro\/wp-content\/uploads\/2019\/12\/TU03.jpg?resize=1024%2C686&amp;ssl=1 1024w, https:\/\/i0.wp.com\/tabereurbane.ro\/wp-content\/uploads\/2019\/12\/TU03.jpg?resize=830%2C556&amp;ssl=1 830w, https:\/\/i0.wp.com\/tabereurbane.ro\/wp-content\/uploads\/2019\/12\/TU03.jpg?resize=230%2C154&amp;ssl=1 230w, https:\/\/i0.wp.com\/tabereurbane.ro\/wp-content\/uploads\/2019\/12\/TU03.jpg?resize=350%2C234&amp;ssl=1 350w, https:\/\/i0.wp.com\/tabereurbane.ro\/wp-content\/uploads\/2019\/12\/TU03.jpg?resize=480%2C321&amp;ssl=1 480w\" sizes=\"auto, (max-width: 1170px) 100vw, 1170px\" \/><\/p>\n<hr \/>\n<blockquote><p><span style=\"font-size: 18pt;\"><b>M\u0103suri de siguran\u021b\u0103 ANTI-COVID19<\/b><\/span><\/p>\n<p style=\"text-align: justify;\"><b>Din cauza for\u021bei majore impuse prin noile reguli guvernamentale, etapizat\u0103 de starea de urgen\u021b\u0103, starea de alert\u0103 sau alte forme ulterioare de distan\u021bare social\u0103 sau fizic\u0103, suntem nevoi\u021bi s\u0103 ne adapt\u0103m ac\u021biunile cu grupurile de participan\u021bi.<\/b><\/p>\n<p style=\"text-align: justify;\"><b>Astfel, am reconfigurat programele cu activit\u0103\u021bi urbane \u0219i am mic\u0219orat num\u0103rul de participan\u021bi \u00een grup: 14-15 copii.<\/b><\/p>\n<p style=\"text-align: justify;\"><b>Folosind metodele adaptate perioadei de schimb\u0103ri socio-culturale implement\u0103m c\u00e2t mai multe resurse de siguran\u021b\u0103 cu optimism \u0219i precau\u021bie.<\/b><\/p>\n<\/blockquote>\n<ul>\n<li><em>Coordonatorul taberei va m\u0103sura temperatura fiec\u0103rui participant la \u00eenceputul programului, la mijlocul zilei (\u00eenainte de pr\u00e2nz) \u0219i la finalul zilei; termometrul este digital, non-contact, utilizeaz\u0103 o tehnologie avansat\u0103 (IR) pentru m\u0103surarea instantanee \u0219i exact\u0103 a temperaturii corpului; va asigura comunicarea cu grupul de p\u0103rin\u021bi ai copiilor participan\u021bi din propria ini\u021biativ\u0103 sau la solicitarea acestora;<\/em><\/li>\n<li><em>Desf\u0103\u0219urarea activit\u0103\u021bilor se va realiza \u00een spa\u021bii deschise, cu maxim\u0103 pruden\u021b\u0103 \u00een deplasarea dintre obiective;<\/em><\/li>\n<li><em>Asigur\u0103m disponibilitatea unui vehicul care va \u00eenso\u021bi grupul \u00een permanen\u021b\u0103 \u00een caz de urgen\u021b\u0103;<\/em><\/li>\n<li><em>Asigur\u0103m m\u0103\u0219ti \u0219i m\u0103nu\u0219i atunci c\u00e2nd situa\u021bia o cere iar participan\u021bii nu au asupra lor aceste accesorii;<\/em><\/li>\n<li><em>Asigur\u0103m dezinfectarea tuturor echipamentelor cu care vor lucra copiii;<\/em><\/li>\n<li><em>Asigur\u0103m folosirea de dezinfectant pentru m\u00e2inile copiilor;<\/em><\/li>\n<li><em>Masa se va lua \u00een aer liber limit\u00e2nd interac\u021biunea cu alte persoane. Asigur\u0103m folosirea \u0219erve\u021belor umede pentru igienizare, atunci c\u00e2nd situa\u021bia nu ne permite s\u0103 ne sp\u0103l\u0103m pe m\u00e2ini cu ap\u0103 \u0219i s\u0103pun;<\/em><\/li>\n<li><em>Pentru picnic se vor asigura izoprene, fe\u021be de mas\u0103 de h\u00e2rtie, \u0219erve\u021bele umede \u0219i uscate, vase de unic\u0103 folosin\u021b\u0103 \u0219i pungi menajere.<\/em><\/li>\n<\/ul>\n<hr \/>\n<p><span style=\"color: #ff0000;\"><b>Program \u201e<\/b><\/span><b><span style=\"color: #ff0000;\">Magia cuvintelor\u201d. Orar.<\/span><br \/>\n<\/b><\/p>\n<table>\n<tbody>\n<tr>\n<td>Or\u0103 \u00eenceput<\/td>\n<td>Or\u0103 sf\u00e2r\u0219it<\/td>\n<td><b>Ziua<\/b> &#8211; Activit\u0103\u021bi<\/td>\n<\/tr>\n<tr>\n<td>08:30<\/td>\n<td>09:00<\/td>\n<td>\u00eent\u00e2lnire cu copiii (Bun\u0103 diminea\u021ba!)<\/td>\n<\/tr>\n<tr>\n<td>09:00<\/td>\n<td>09:30<\/td>\n<td>deplasare c\u0103tre locul de joac\u0103<\/td>\n<\/tr>\n<tr>\n<td>09:30<\/td>\n<td>10:30<\/td>\n<td>A1 &#8211; Atelier de dic\u021bie<\/td>\n<\/tr>\n<tr>\n<td>10:30<\/td>\n<td>11:00<\/td>\n<td>Pauz\u0103: Gustare<\/td>\n<\/tr>\n<tr>\n<td>11:00<\/td>\n<td>12:00<\/td>\n<td>A2 &#8211; Atelier de minciuni<\/td>\n<\/tr>\n<tr>\n<td>12:00<\/td>\n<td>12:15<\/td>\n<td>pauz\u0103 activ\u0103<\/td>\n<\/tr>\n<tr>\n<td>12:15<\/td>\n<td>13:15<\/td>\n<td>A3 &#8211; Legende urbane \u0219i ateliere de crea\u021bie<\/td>\n<\/tr>\n<tr>\n<td>13:15<\/td>\n<td>13:30<\/td>\n<td>deplasare c\u0103tre loc pr\u00e2nz \/ preg\u0103tire picnic<\/td>\n<\/tr>\n<tr>\n<td>13:30<\/td>\n<td>14:10<\/td>\n<td>pr\u00e2nz \/ picnic<\/td>\n<\/tr>\n<tr>\n<td>14:10<\/td>\n<td>14:25<\/td>\n<td>pauz\u0103 \/ cur\u0103\u021bare loc picnic<\/td>\n<\/tr>\n<tr>\n<td>14:25<\/td>\n<td>14:55<\/td>\n<td>deplasare c\u0103tre alt loc de joac\u0103<\/td>\n<\/tr>\n<tr>\n<td>14:55<\/td>\n<td>15:55<\/td>\n<td>A4 &#8211; Atelier de cuvinte inventate<\/td>\n<\/tr>\n<tr>\n<td>15:55<\/td>\n<td>16:05<\/td>\n<td>pauz\u0103 activ\u0103<\/td>\n<\/tr>\n<tr>\n<td>16:05<\/td>\n<td>17:05<\/td>\n<td>A5 &#8211; Atelier de istorie local\u0103<\/td>\n<\/tr>\n<tr>\n<td>17:05<\/td>\n<td>17:10<\/td>\n<td>pauz\u0103 activ\u0103<\/td>\n<\/tr>\n<tr>\n<td>17:10<\/td>\n<td>18:00<\/td>\n<td>A6 &#8211; Atelier: Antrenorul de jocuri<\/td>\n<\/tr>\n<tr>\n<td>18:00<\/td>\n<td>18:25<\/td>\n<td>\u00eent\u00e2lnire cu p\u0103rin\u021bii (Pe m\u00e2ine!)<\/td>\n<\/tr>\n<\/tbody>\n<\/table>\n<p><span style=\"font-size: 10pt;\"><em>Programul orar este doar orientativ.<\/em><\/span><\/p>\n<hr \/>\n<p><span style=\"font-size: 18pt; color: #ff0000;\">Pre\u021b program <b>\u201eMagia cuvintelor<\/b><b>\u201d<\/b><b>: <\/b><b>500 lei<\/b>\/participant<\/span><\/p>\n<p><b>Detalii pentru rezervare:<\/b><\/p>\n<ul>\n<li>o serie de tab\u0103ra se va realiza pentru un grup de maxim 15 participan\u021bi \u0219i minim 10 participan\u021bi<\/li>\n<li>la rezervarea locului \u00eentr-o serie, se va achita un avans de 50 lei pentru fiecare serie<\/li>\n<li>cu 7 zile \u00eenainte de \u00eenceperea ac\u021biunii se va achita diferen\u021ba pentru serviciul achizi\u021bionat<\/li>\n<\/ul>\n<p><b>Pre\u021bul excursiei include<\/b><\/p>\n<ul>\n<li>intrarea la obiectivele prev\u0103zute \u00een program<\/li>\n<li>1 animator la 5 copii<\/li>\n<li>transportul cu microbuzul pentru zilele prev\u0103zute cu excursie<\/li>\n<li>m\u0103\u0219ti \u0219i m\u0103nu\u0219i pentru copii care nu au, dar situa\u021bia o impune<\/li>\n<li>dezinfectant pentru participan\u021bi<\/li>\n<li>o gustare care const\u0103 \u00eentr-un fruct, biscui\u021bi, ceai<\/li>\n<\/ul>\n<p><b>Se achit\u0103 separat:<\/b><\/p>\n<ul>\n<li>125 lei\/s\u0103pt\u0103m\u00e2n\u0103 pentru m\u00e2ncare (25 lei\/ zi). M\u00e2ncarea va fi livrat\u0103 \u00een regim de catering \u0219i va fi servit\u0103 ca picnic \u00een loca\u021bia aflat\u0103.<\/li>\n<li>Alte servicii \u00een afar\u0103 de cele men\u021bionate \u00een program.<\/li>\n<\/ul>\n<hr \/>\n<h4><strong>Ofert\u0103 promo\u021bional\u0103 <\/strong><\/h4>\n<p>Pentru a rezerva un loc \u00een 2 (dou\u0103) serii consecutive de tabere cu tematici diferite se ofer\u0103 o <span style=\"color: #ff0000;\"><strong>reducere de 5%<\/strong>. <strong>Pre\u021bul celor 2 tabere \u00een s\u0103pt\u0103m\u00e2ni consecutive este de 950 lei<\/strong><\/span>.<\/p>\n<hr \/>\n<p><a href=\"http:\/\/tabereurbane.ro\/contact\/\" target=\"_blank\" rel=\"noopener noreferrer\"><strong>Rezerv\u0103 acum<\/strong><\/a> un loc \u00een tab\u0103ra urban\u0103, men\u021bioneaz\u0103 v\u00e2rsta participantului, perioada \u0219i tematica favorit\u0103.<br \/>\nLocurile sunt limitate!<\/p>\n","protected":false},"excerpt":{"rendered":"<p>Programul \u201eMagia cuvintelor\u201d urm\u0103re\u0219te s\u0103 ating\u0103 obiectivele specifice comunic\u0103rii. Tab\u0103r\u0103 urban\u0103 de 5 zile V\u00e2rst\u0103: 7-12 ani Program Luni- Vineri Orar: 8:30-18:30 [&hellip;]<\/p>\n","protected":false},"author":1,"featured_media":230,"parent":0,"menu_order":0,"comment_status":"closed","ping_status":"closed","template":"","meta":{"jetpack_post_was_ever_published":false,"footnotes":""},"class_list":["post-309","page","type-page","status-publish","has-post-thumbnail","hentry"],"jetpack_sharing_enabled":true,"jetpack_shortlink":"https:\/\/wp.me\/PaQ9si-4Z","jetpack-related-posts":[{"id":6,"url":"https:\/\/tabereurbane.ro\/despre-tabere-urbane-solidus\/pagina-de-garda\/","url_meta":{"origin":309,"position":0},"title":"Bun g\u0103sit!","author":"Solidus' Electric Eye","date":"25 martie 2019","format":false,"excerpt":"Asocia\u021bia pentru Educa\u021bie \u0219i Cultur\u0103 AdLittera\u00a0(AECA) ofer\u0103 un tur itinerant al capitalei, de luni p\u00e2n\u0103 vineri (inclusiv), de diminea\u021ba p\u00e2n\u0103 seara, av\u00e2nd un program plin de activit\u0103\u021bi creative \u0219i vizite \u00een cele mai reprezentative repere culturale bucure\u0219tene, altern\u00e2nd cu vizite \u00een spa\u021bii de recreere activ\u0103. AdLittera propune copiilor cu v\u00e2rste\u2026","rel":"","context":"Articol similar","block_context":{"text":"Articol similar","link":""},"img":{"alt_text":"","src":"https:\/\/i0.wp.com\/tabereurbane.ro\/wp-content\/uploads\/2019\/03\/jocuri-accent2.jpg?fit=1024%2C576&ssl=1&resize=350%2C200","width":350,"height":200,"srcset":"https:\/\/i0.wp.com\/tabereurbane.ro\/wp-content\/uploads\/2019\/03\/jocuri-accent2.jpg?fit=1024%2C576&ssl=1&resize=350%2C200 1x, https:\/\/i0.wp.com\/tabereurbane.ro\/wp-content\/uploads\/2019\/03\/jocuri-accent2.jpg?fit=1024%2C576&ssl=1&resize=525%2C300 1.5x, https:\/\/i0.wp.com\/tabereurbane.ro\/wp-content\/uploads\/2019\/03\/jocuri-accent2.jpg?fit=1024%2C576&ssl=1&resize=700%2C400 2x"},"classes":[]},{"id":395,"url":"https:\/\/tabereurbane.ro\/despre-tabere-urbane-solidus\/arte-scenice\/","url_meta":{"origin":309,"position":1},"title":"Arte scenice","author":"Solidus' Electric Eye","date":"30 mai 2020","format":false,"excerpt":"Programul \u201eArte scenice\u201d urm\u0103re\u0219te s\u0103 ating\u0103 obiectivele specifice dezvolt\u0103rii personalit\u0103\u021bii \u0219i a abilit\u0103\u021bilor de comunicare, precum \u0219i combaterea timidit\u0103\u021bii \u0219i a fricii de e\u0219ec. Jocurile de improviza\u021bie vor dezvolta aten\u021bia, capacitata de memorare, motricitatea, flexibilitatea \u00een g\u00e2ndire \u0219i viteza de reac\u021bie. Tab\u0103r\u0103 urban\u0103 de 5 zile V\u00e2rst\u0103: 7-12 ani Program\u2026","rel":"","context":"Articol similar","block_context":{"text":"Articol similar","link":""},"img":{"alt_text":"","src":"https:\/\/i0.wp.com\/tabereurbane.ro\/wp-content\/uploads\/2019\/03\/jocuri-dinamic.jpg?fit=1024%2C576&ssl=1&resize=350%2C200","width":350,"height":200,"srcset":"https:\/\/i0.wp.com\/tabereurbane.ro\/wp-content\/uploads\/2019\/03\/jocuri-dinamic.jpg?fit=1024%2C576&ssl=1&resize=350%2C200 1x, https:\/\/i0.wp.com\/tabereurbane.ro\/wp-content\/uploads\/2019\/03\/jocuri-dinamic.jpg?fit=1024%2C576&ssl=1&resize=525%2C300 1.5x, https:\/\/i0.wp.com\/tabereurbane.ro\/wp-content\/uploads\/2019\/03\/jocuri-dinamic.jpg?fit=1024%2C576&ssl=1&resize=700%2C400 2x"},"classes":[]},{"id":289,"url":"https:\/\/tabereurbane.ro\/despre-tabere-urbane-solidus\/prietenie-in-natura-urbana\/","url_meta":{"origin":309,"position":2},"title":"Prietenie \u00een natura urban\u0103","author":"Solidus' Electric Eye","date":"27 mai 2020","format":false,"excerpt":"Programul \u201ePrietenie \u00een natura urban\u0103\u201d urm\u0103re\u0219te s\u0103 ating\u0103 obiectivele specifice coeziunii de grup. Tab\u0103r\u0103 urban\u0103 de 5 zile V\u00e2rst\u0103: 7-12 ani Program Luni- Vineri Orar: 8:30-18:30 Cel mai important factor extern pentru a consolida un grup este sistemul de stimulente: Motivarea - pre-ac\u021biune \u0219i Recompensa - post-ac\u021biune. Acestea se pot\u2026","rel":"","context":"Articol similar","block_context":{"text":"Articol similar","link":""},"img":{"alt_text":"","src":"https:\/\/i0.wp.com\/tabereurbane.ro\/wp-content\/uploads\/2019\/12\/TU09.jpg?fit=1200%2C804&ssl=1&resize=350%2C200","width":350,"height":200,"srcset":"https:\/\/i0.wp.com\/tabereurbane.ro\/wp-content\/uploads\/2019\/12\/TU09.jpg?fit=1200%2C804&ssl=1&resize=350%2C200 1x, https:\/\/i0.wp.com\/tabereurbane.ro\/wp-content\/uploads\/2019\/12\/TU09.jpg?fit=1200%2C804&ssl=1&resize=525%2C300 1.5x, https:\/\/i0.wp.com\/tabereurbane.ro\/wp-content\/uploads\/2019\/12\/TU09.jpg?fit=1200%2C804&ssl=1&resize=700%2C400 2x, https:\/\/i0.wp.com\/tabereurbane.ro\/wp-content\/uploads\/2019\/12\/TU09.jpg?fit=1200%2C804&ssl=1&resize=1050%2C600 3x"},"classes":[]},{"id":317,"url":"https:\/\/tabereurbane.ro\/despre-tabere-urbane-solidus\/art-deco-foto\/","url_meta":{"origin":309,"position":3},"title":"Art &#038; Deco &#038; Foto","author":"Solidus' Electric Eye","date":"29 mai 2020","format":false,"excerpt":"Programul \u201eArt & Deco & Foto\u201d urm\u0103re\u0219te s\u0103 ating\u0103 obiectivele specifice dezvolt\u0103rii sim\u021bului artistic prin forme sau volume asistate de fotografie. Tab\u0103r\u0103 urban\u0103 de 5 zile V\u00e2rst\u0103: 7-12 ani Program Luni- Vineri Orar: 8:30-18:30 De-a lungul zilei materiale pe care s\u0103 le folosim s\u0103 ob\u021binem modele decorative, \u00eenv\u0103\u021b\u00e2nd despre figur\u0103\u2026","rel":"","context":"Articol similar","block_context":{"text":"Articol similar","link":""},"img":{"alt_text":"","src":"https:\/\/i0.wp.com\/tabereurbane.ro\/wp-content\/uploads\/2019\/12\/TU17.jpg?fit=1200%2C804&ssl=1&resize=350%2C200","width":350,"height":200,"srcset":"https:\/\/i0.wp.com\/tabereurbane.ro\/wp-content\/uploads\/2019\/12\/TU17.jpg?fit=1200%2C804&ssl=1&resize=350%2C200 1x, https:\/\/i0.wp.com\/tabereurbane.ro\/wp-content\/uploads\/2019\/12\/TU17.jpg?fit=1200%2C804&ssl=1&resize=525%2C300 1.5x, https:\/\/i0.wp.com\/tabereurbane.ro\/wp-content\/uploads\/2019\/12\/TU17.jpg?fit=1200%2C804&ssl=1&resize=700%2C400 2x, https:\/\/i0.wp.com\/tabereurbane.ro\/wp-content\/uploads\/2019\/12\/TU17.jpg?fit=1200%2C804&ssl=1&resize=1050%2C600 3x"},"classes":[]},{"id":272,"url":"https:\/\/tabereurbane.ro\/despre-tabere-urbane-solidus\/covid19\/","url_meta":{"origin":309,"position":4},"title":"COVID19","author":"Solidus' Electric Eye","date":"26 mai 2020","format":false,"excerpt":"Din cauza noului coronavirusului \u0219i a situa\u021biei de pandemie facem eforturi s\u0103 reprogram\u0103m activit\u0103\u021bile deja solicitate. Ast\u0103zi \u201ea fi responsabil\u201d \u00eenseamn\u0103 a limita drastic contactele sociale. Responsabilitatea fiec\u0103ruia face diferen\u021ba. Programele \u201eDinamic\u201d, \u201eClasic\u201d \u0219i \u201eAccent\u201d au fost anulate din cauza restric\u021biilor \u00een perioada pandemiei (SARS-CoV-2) COVID19. Urm\u0103re\u0219te ultimele hot\u0103r\u00e2ri cu\u2026","rel":"","context":"Articol similar","block_context":{"text":"Articol similar","link":""},"img":{"alt_text":"","src":"https:\/\/i0.wp.com\/tabereurbane.ro\/wp-content\/uploads\/2019\/03\/jocuri-accent2.jpg?resize=350%2C200","width":350,"height":200,"srcset":"https:\/\/i0.wp.com\/tabereurbane.ro\/wp-content\/uploads\/2019\/03\/jocuri-accent2.jpg?resize=350%2C200 1x, https:\/\/i0.wp.com\/tabereurbane.ro\/wp-content\/uploads\/2019\/03\/jocuri-accent2.jpg?resize=525%2C300 1.5x, https:\/\/i0.wp.com\/tabereurbane.ro\/wp-content\/uploads\/2019\/03\/jocuri-accent2.jpg?resize=700%2C400 2x"},"classes":[]},{"id":262,"url":"https:\/\/tabereurbane.ro\/despre-tabere-urbane-solidus\/","url_meta":{"origin":309,"position":5},"title":"Despre \u201eTabere Urbane Solidus\u201d","author":"Solidus' Electric Eye","date":"26 mai 2020","format":false,"excerpt":"Activit\u0103\u021bile de var\u0103 \u0219i unele comportamente sedentare influen\u021beaz\u0103 negativ percep\u021bia copiilor despre vacan\u021b\u0103. \u00cen urma unui studiu efectuat pe un e\u0219antion reprezentativ 9-16 ani, la nivel local (Bucure\u0219ti), \u00een perioada vacan\u021bei de var\u0103 2017 \u0219i actualizat \u00een 2018 s-au constatat trei tipuri de comportamente A) sedentar B) semi-activ, f\u0103r\u0103 obiective\u2026","rel":"","context":"Articol similar","block_context":{"text":"Articol similar","link":""},"img":{"alt_text":"","src":"","width":0,"height":0},"classes":[]}],"_links":{"self":[{"href":"https:\/\/tabereurbane.ro\/despre-tabere-urbane-solidus\/wp-json\/wp\/v2\/pages\/309","targetHints":{"allow":["GET"]}}],"collection":[{"href":"https:\/\/tabereurbane.ro\/despre-tabere-urbane-solidus\/wp-json\/wp\/v2\/pages"}],"about":[{"href":"https:\/\/tabereurbane.ro\/despre-tabere-urbane-solidus\/wp-json\/wp\/v2\/types\/page"}],"author":[{"embeddable":true,"href":"https:\/\/tabereurbane.ro\/despre-tabere-urbane-solidus\/wp-json\/wp\/v2\/users\/1"}],"replies":[{"embeddable":true,"href":"https:\/\/tabereurbane.ro\/despre-tabere-urbane-solidus\/wp-json\/wp\/v2\/comments?post=309"}],"version-history":[{"count":7,"href":"https:\/\/tabereurbane.ro\/despre-tabere-urbane-solidus\/wp-json\/wp\/v2\/pages\/309\/revisions"}],"predecessor-version":[{"id":332,"href":"https:\/\/tabereurbane.ro\/despre-tabere-urbane-solidus\/wp-json\/wp\/v2\/pages\/309\/revisions\/332"}],"wp:featuredmedia":[{"embeddable":true,"href":"https:\/\/tabereurbane.ro\/despre-tabere-urbane-solidus\/wp-json\/wp\/v2\/media\/230"}],"wp:attachment":[{"href":"https:\/\/tabereurbane.ro\/despre-tabere-urbane-solidus\/wp-json\/wp\/v2\/media?parent=309"}],"curies":[{"name":"wp","href":"https:\/\/api.w.org\/{rel}","templated":true}]}}