{"id":262,"date":"2020-05-26T03:27:26","date_gmt":"2020-05-26T00:27:26","guid":{"rendered":"http:\/\/tabereurbane.ro\/?page_id=262"},"modified":"2020-05-27T12:00:41","modified_gmt":"2020-05-27T09:00:41","slug":"despre-tabere-urbane-solidus","status":"publish","type":"page","link":"https:\/\/tabereurbane.ro\/despre-tabere-urbane-solidus\/","title":{"rendered":"Despre \u201eTabere Urbane Solidus\u201d"},"content":{"rendered":"<p style=\"text-align: justify;\"><span class=\"notranslate\">Activit\u0103\u021bile de var\u0103 \u0219i unele comportamente sedentare influen\u021beaz\u0103 negativ percep\u021bia copiilor despre vacan\u021b\u0103. \u00cen urma unui studiu efectuat pe un e\u0219antion reprezentativ 9-16 ani, la nivel local (Bucure\u0219ti), \u00een perioada vacan\u021bei de var\u0103 2017 \u0219i actualizat \u00een 2018 s-au constatat trei tipuri de comportamente <em><span style=\"text-decoration: underline;\"><strong>A)<\/strong><\/span><\/em> sedentar <em><span style=\"text-decoration: underline;\"><strong>B)<\/strong><\/span><\/em> semi-activ, f\u0103r\u0103 obiective <em><span style=\"text-decoration: underline;\"><strong>C)<\/strong><\/span><\/em> activ, disciplinat, cu obiective realizabile. Concluzia este c\u0103 lipsa unor preocup\u0103ri \u00een via\u021ba cotidian\u0103 \u00eencurajeaz\u0103 sedentarismul prin stimularea unei vie\u021bi confortabile, f\u0103r\u0103 prea multe solicit\u0103ri fizice.<\/span><\/p>\n<p style=\"text-align: justify;\"><span class=\"notranslate\">Pe locul I, deta\u0219at\u0103 de celelalte dou\u0103 categorii este majoritatea sedentarilor care \u00ee\u0219i asum\u0103 statusuri \u0219i le public\u0103 \u00een media social\u0103 f\u0103r\u0103 sfial\u0103: \u201estau degeaba!\u201d, \u201em-a\u0219 b\u0103ga la un film, dar mi-e lene!\u201d, \u201enu fac nimic!\u201d, \u201em\u0103 plictisesc\u201d, \u201em\u0103 joc pe net \/consol\u0103\u201d, \u201em\u0103 uit pe Insta\/ Youtube\u201d, \u201em\u0103 cert pe chat cu X\u201d \u0219i altele. Pe locul al doilea se afl\u0103 copiii care fac mi\u0219care fizic\u0103 (un sport, merg pe biciclet\u0103 \u0219.a.), dar care nu au un program de activit\u0103\u021bi ciclice. Cel mai rar \u00eent\u00e2lnit este copilul din categoria C care, dac\u0103 este nevoit s\u0103 stea o perioada \u00een cas\u0103, resimte lipsa antrenamentului educa\u021biei fizice. Acesta este disciplinat \u0219i se las\u0103 antrenat \u00een ocupa\u021bii serioase, are preocup\u0103ri multiple, cite\u0219te zilnic, urm\u0103re\u0219te filme artistice \u0219i documentare, folose\u0219te un instrument artistic \u0219i, chiar dac\u0103 nefiresc de solicitant, toate activit\u0103\u021bile sunt f\u0103cute cu mare pl\u0103cere. <\/span><\/p>\n<p style=\"text-align: justify;\"><span class=\"notranslate\">Tehnologia acapareaz\u0103 timp pre\u021bios dac\u0103 nu este folosit\u0103 la \u00eentreaga sa capacitate. Orice <em>gadget<\/em> sau <em>smartphone<\/em> poate suporta aplica\u021bii diverse: Art\u0103 \u0219i design, Biblioteci de software \u0219i demonstra\u021bii, C\u0103l\u0103torii \u0219i informa\u021bii locale, C\u0103r\u021bi \u0219i lucr\u0103ri de referin\u021be, Educa\u021bie, Evenimente, Sport, \u0218tiri \u0219i reviste NU DOAR JOCURI care scufund\u0103 copilul \u00een realitatea virtual\u0103. Lumea abstract\u0103 \u0219i destul de confuz\u0103 pentru realitatea cotidian\u0103 scade satisfac\u021bia pe care o au copiii \u00een via\u021ba real\u0103.<\/span><\/p>\n<p style=\"text-align: justify;\"><span class=\"notranslate\">Aceste <\/span><span class=\"notranslate\">caracteristicile socio-demografice, copiii din mediul urban fiind cei mai afecta\u021bi.<\/span> <span class=\"notranslate\"> \u00cen special, copiii care petrec o perioad\u0103 mai mare de timp \u00een medii structurate sunt mai activi.<\/span> <span class=\"notranslate\"> Credem c\u0103 prin taberele educa\u021bionale organizate \u00een mediul urban facem un prim pas important \u00een crearea unei alternative \u00een\u021belepte \u0219i la \u00eendem\u00e2na tuturor p\u0103rin\u021bilor, o cur\u0103 de detoxifiere digital\u0103 \u0219i de reconectare la natur\u0103.<br \/>\n<\/span><\/p>\n<p style=\"text-align: justify;\">Deasemenea, \u00eencuraj\u0103m p\u0103rin\u021bii s\u0103 stabileasc\u0103 reguli pentru folosirea dispozitivelor digitale, \u00een privin\u021ba momentului \u0219i a duratei, s\u0103 se implice \u00een activit\u0103\u021bile copiilor \u0219i s\u0103-i \u00eendemne s\u0103 aib\u0103 activit\u0103\u021bi fizice, lucru manual \u0219i s\u0103 se joace.<\/p>\n<blockquote><p>\u201eOamenii de \u0219tiin\u021b\u0103 au indicat c\u0103 sunt necesare studii \u0219i mai aprofundate pe tema urm\u0103rilor comportamentului sedentar \u00een vederea reducerii efectelor negative ale \u00abepidemiei globale de inactivitate fizic\u0103 \u0219i stil de via\u021b\u0103 sedentar\u00bb\u201d. &#8211; Prabha Siddarth, biostatistician \u00een cadrul Institutului Semel pentru cercet\u0103ri \u00een domeniul neurologiei \u0219i a comportamentului uman de la UCLA.<\/p><\/blockquote>\n<hr \/>\n<h3 style=\"text-align: justify;\">Misiunea noastr\u0103 \u00een taberele urbane<\/h3>\n<p style=\"text-align: justify;\"><span class=\"notranslate\">De ce s\u0103 nu prevenim dec\u00e2t s\u0103 trat\u0103m? Cele mai dese afec\u021biuni provocate \u0219i\/sau agravate de sedentarism, cu prec\u0103dere \u00een segmentul juvenil, sunt: depresia, anxietatea \u0219i obezitatea, gener\u00e2nd mai t\u00e2rziu boli cardiovasculare, tulbur\u0103ri metabolice, devia\u021bii ale coloanei vertebrale etc. Programele noastre de tabere urbane se adreseaz\u0103 p\u0103rin\u021bilor tineri \u00eencerc\u00e2nd s\u0103 ofere oportunit\u0103\u021bi pentru copiii, <\/span><span class=\"notranslate\">experien\u021be memorabile \u00een aer liber, cu costuri moderate pentru familiile sau \u0219colile lor.<\/span><\/p>\n<p style=\"text-align: justify;\"><strong>Scopul principal<\/strong> este de a aduce copiii aproape de reperele culturale \u0219i de divertisment din Bucure\u0219ti, propun\u00e2ndu-le tipuri de activit\u0103\u021bi intelectuale \u0219i de recreere activ\u0103, s\u0103 descopere c\u00e2t mai multe spa\u021bii \u00een care pot petrece timp de bun\u0103 calitate, s\u0103 fie informa\u021bi, s\u0103 experimenteze noi tehnologii sau instrumente artistice, s\u0103 cunoasc\u0103 ecosistemul urban \u0219i zona limitrof\u0103\/metropolitan\u0103.<\/p>\n<hr \/>\n<p style=\"text-align: justify;\">Activit\u0103\u021bile din <strong>Taberele Urbane Solidus<\/strong> se pot personaliza, la cerere, pentru profesorii organizatori care doresc o suit\u0103 de evenimente culturale \u0219i edutainment.<\/p>\n","protected":false},"excerpt":{"rendered":"<p>Activit\u0103\u021bile de var\u0103 \u0219i unele comportamente sedentare influen\u021beaz\u0103 negativ percep\u021bia copiilor despre vacan\u021b\u0103. \u00cen urma unui studiu efectuat pe un e\u0219antion reprezentativ [&hellip;]<\/p>\n","protected":false},"author":1,"featured_media":0,"parent":0,"menu_order":0,"comment_status":"closed","ping_status":"closed","template":"","meta":{"jetpack_post_was_ever_published":false,"footnotes":""},"class_list":["post-262","page","type-page","status-publish","hentry"],"jetpack_sharing_enabled":true,"jetpack_shortlink":"https:\/\/wp.me\/PaQ9si-4e","jetpack-related-posts":[{"id":272,"url":"https:\/\/tabereurbane.ro\/despre-tabere-urbane-solidus\/covid19\/","url_meta":{"origin":262,"position":0},"title":"COVID19","author":"Solidus' Electric Eye","date":"26 mai 2020","format":false,"excerpt":"Din cauza noului coronavirusului \u0219i a situa\u021biei de pandemie facem eforturi s\u0103 reprogram\u0103m activit\u0103\u021bile deja solicitate. Ast\u0103zi \u201ea fi responsabil\u201d \u00eenseamn\u0103 a limita drastic contactele sociale. Responsabilitatea fiec\u0103ruia face diferen\u021ba. Programele \u201eDinamic\u201d, \u201eClasic\u201d \u0219i \u201eAccent\u201d au fost anulate din cauza restric\u021biilor \u00een perioada pandemiei (SARS-CoV-2) COVID19. Urm\u0103re\u0219te ultimele hot\u0103r\u00e2ri cu\u2026","rel":"","context":"Articol similar","block_context":{"text":"Articol similar","link":""},"img":{"alt_text":"","src":"https:\/\/i0.wp.com\/tabereurbane.ro\/wp-content\/uploads\/2019\/03\/jocuri-accent2.jpg?resize=350%2C200","width":350,"height":200,"srcset":"https:\/\/i0.wp.com\/tabereurbane.ro\/wp-content\/uploads\/2019\/03\/jocuri-accent2.jpg?resize=350%2C200 1x, https:\/\/i0.wp.com\/tabereurbane.ro\/wp-content\/uploads\/2019\/03\/jocuri-accent2.jpg?resize=525%2C300 1.5x, https:\/\/i0.wp.com\/tabereurbane.ro\/wp-content\/uploads\/2019\/03\/jocuri-accent2.jpg?resize=700%2C400 2x"},"classes":[]},{"id":6,"url":"https:\/\/tabereurbane.ro\/despre-tabere-urbane-solidus\/pagina-de-garda\/","url_meta":{"origin":262,"position":1},"title":"Bun g\u0103sit!","author":"Solidus' Electric Eye","date":"25 martie 2019","format":false,"excerpt":"Asocia\u021bia pentru Educa\u021bie \u0219i Cultur\u0103 AdLittera\u00a0(AECA) ofer\u0103 un tur itinerant al capitalei, de luni p\u00e2n\u0103 vineri (inclusiv), de diminea\u021ba p\u00e2n\u0103 seara, av\u00e2nd un program plin de activit\u0103\u021bi creative \u0219i vizite \u00een cele mai reprezentative repere culturale bucure\u0219tene, altern\u00e2nd cu vizite \u00een spa\u021bii de recreere activ\u0103. AdLittera propune copiilor cu v\u00e2rste\u2026","rel":"","context":"Articol similar","block_context":{"text":"Articol similar","link":""},"img":{"alt_text":"","src":"https:\/\/i0.wp.com\/tabereurbane.ro\/wp-content\/uploads\/2019\/03\/jocuri-accent2.jpg?fit=1024%2C576&ssl=1&resize=350%2C200","width":350,"height":200,"srcset":"https:\/\/i0.wp.com\/tabereurbane.ro\/wp-content\/uploads\/2019\/03\/jocuri-accent2.jpg?fit=1024%2C576&ssl=1&resize=350%2C200 1x, https:\/\/i0.wp.com\/tabereurbane.ro\/wp-content\/uploads\/2019\/03\/jocuri-accent2.jpg?fit=1024%2C576&ssl=1&resize=525%2C300 1.5x, https:\/\/i0.wp.com\/tabereurbane.ro\/wp-content\/uploads\/2019\/03\/jocuri-accent2.jpg?fit=1024%2C576&ssl=1&resize=700%2C400 2x"},"classes":[]},{"id":309,"url":"https:\/\/tabereurbane.ro\/despre-tabere-urbane-solidus\/magia-cuvintelor\/","url_meta":{"origin":262,"position":2},"title":"Magia cuvintelor","author":"Solidus' Electric Eye","date":"28 mai 2020","format":false,"excerpt":"Programul \u201eMagia cuvintelor\u201d urm\u0103re\u0219te s\u0103 ating\u0103 obiectivele specifice comunic\u0103rii. Tab\u0103r\u0103 urban\u0103 de 5 zile V\u00e2rst\u0103: 7-12 ani Program Luni- Vineri Orar: 8:30-18:30 Activit\u0103\u021bile recreative au rolul de a ajuta copiii s\u0103 se relaxeze \u0219i s\u0103 sporeasc\u0103 nivelul de energie necesar unei bune dezvolt\u0103ri psihice \u0219i intelectuale. Activit\u0103\u021bile de recreere activ\u0103\u2026","rel":"","context":"Articol similar","block_context":{"text":"Articol similar","link":""},"img":{"alt_text":"","src":"https:\/\/i0.wp.com\/tabereurbane.ro\/wp-content\/uploads\/2019\/12\/TU03.jpg?fit=1200%2C804&ssl=1&resize=350%2C200","width":350,"height":200,"srcset":"https:\/\/i0.wp.com\/tabereurbane.ro\/wp-content\/uploads\/2019\/12\/TU03.jpg?fit=1200%2C804&ssl=1&resize=350%2C200 1x, https:\/\/i0.wp.com\/tabereurbane.ro\/wp-content\/uploads\/2019\/12\/TU03.jpg?fit=1200%2C804&ssl=1&resize=525%2C300 1.5x, https:\/\/i0.wp.com\/tabereurbane.ro\/wp-content\/uploads\/2019\/12\/TU03.jpg?fit=1200%2C804&ssl=1&resize=700%2C400 2x, https:\/\/i0.wp.com\/tabereurbane.ro\/wp-content\/uploads\/2019\/12\/TU03.jpg?fit=1200%2C804&ssl=1&resize=1050%2C600 3x"},"classes":[]},{"id":395,"url":"https:\/\/tabereurbane.ro\/despre-tabere-urbane-solidus\/arte-scenice\/","url_meta":{"origin":262,"position":3},"title":"Arte scenice","author":"Solidus' Electric Eye","date":"30 mai 2020","format":false,"excerpt":"Programul \u201eArte scenice\u201d urm\u0103re\u0219te s\u0103 ating\u0103 obiectivele specifice dezvolt\u0103rii personalit\u0103\u021bii \u0219i a abilit\u0103\u021bilor de comunicare, precum \u0219i combaterea timidit\u0103\u021bii \u0219i a fricii de e\u0219ec. Jocurile de improviza\u021bie vor dezvolta aten\u021bia, capacitata de memorare, motricitatea, flexibilitatea \u00een g\u00e2ndire \u0219i viteza de reac\u021bie. Tab\u0103r\u0103 urban\u0103 de 5 zile V\u00e2rst\u0103: 7-12 ani Program\u2026","rel":"","context":"Articol similar","block_context":{"text":"Articol similar","link":""},"img":{"alt_text":"","src":"https:\/\/i0.wp.com\/tabereurbane.ro\/wp-content\/uploads\/2019\/03\/jocuri-dinamic.jpg?fit=1024%2C576&ssl=1&resize=350%2C200","width":350,"height":200,"srcset":"https:\/\/i0.wp.com\/tabereurbane.ro\/wp-content\/uploads\/2019\/03\/jocuri-dinamic.jpg?fit=1024%2C576&ssl=1&resize=350%2C200 1x, https:\/\/i0.wp.com\/tabereurbane.ro\/wp-content\/uploads\/2019\/03\/jocuri-dinamic.jpg?fit=1024%2C576&ssl=1&resize=525%2C300 1.5x, https:\/\/i0.wp.com\/tabereurbane.ro\/wp-content\/uploads\/2019\/03\/jocuri-dinamic.jpg?fit=1024%2C576&ssl=1&resize=700%2C400 2x"},"classes":[]},{"id":289,"url":"https:\/\/tabereurbane.ro\/despre-tabere-urbane-solidus\/prietenie-in-natura-urbana\/","url_meta":{"origin":262,"position":4},"title":"Prietenie \u00een natura urban\u0103","author":"Solidus' Electric Eye","date":"27 mai 2020","format":false,"excerpt":"Programul \u201ePrietenie \u00een natura urban\u0103\u201d urm\u0103re\u0219te s\u0103 ating\u0103 obiectivele specifice coeziunii de grup. Tab\u0103r\u0103 urban\u0103 de 5 zile V\u00e2rst\u0103: 7-12 ani Program Luni- Vineri Orar: 8:30-18:30 Cel mai important factor extern pentru a consolida un grup este sistemul de stimulente: Motivarea - pre-ac\u021biune \u0219i Recompensa - post-ac\u021biune. Acestea se pot\u2026","rel":"","context":"Articol similar","block_context":{"text":"Articol similar","link":""},"img":{"alt_text":"","src":"https:\/\/i0.wp.com\/tabereurbane.ro\/wp-content\/uploads\/2019\/12\/TU09.jpg?fit=1200%2C804&ssl=1&resize=350%2C200","width":350,"height":200,"srcset":"https:\/\/i0.wp.com\/tabereurbane.ro\/wp-content\/uploads\/2019\/12\/TU09.jpg?fit=1200%2C804&ssl=1&resize=350%2C200 1x, https:\/\/i0.wp.com\/tabereurbane.ro\/wp-content\/uploads\/2019\/12\/TU09.jpg?fit=1200%2C804&ssl=1&resize=525%2C300 1.5x, https:\/\/i0.wp.com\/tabereurbane.ro\/wp-content\/uploads\/2019\/12\/TU09.jpg?fit=1200%2C804&ssl=1&resize=700%2C400 2x, https:\/\/i0.wp.com\/tabereurbane.ro\/wp-content\/uploads\/2019\/12\/TU09.jpg?fit=1200%2C804&ssl=1&resize=1050%2C600 3x"},"classes":[]},{"id":317,"url":"https:\/\/tabereurbane.ro\/despre-tabere-urbane-solidus\/art-deco-foto\/","url_meta":{"origin":262,"position":5},"title":"Art &#038; Deco &#038; Foto","author":"Solidus' Electric Eye","date":"29 mai 2020","format":false,"excerpt":"Programul \u201eArt & Deco & Foto\u201d urm\u0103re\u0219te s\u0103 ating\u0103 obiectivele specifice dezvolt\u0103rii sim\u021bului artistic prin forme sau volume asistate de fotografie. Tab\u0103r\u0103 urban\u0103 de 5 zile V\u00e2rst\u0103: 7-12 ani Program Luni- Vineri Orar: 8:30-18:30 De-a lungul zilei materiale pe care s\u0103 le folosim s\u0103 ob\u021binem modele decorative, \u00eenv\u0103\u021b\u00e2nd despre figur\u0103\u2026","rel":"","context":"Articol similar","block_context":{"text":"Articol similar","link":""},"img":{"alt_text":"","src":"https:\/\/i0.wp.com\/tabereurbane.ro\/wp-content\/uploads\/2019\/12\/TU17.jpg?fit=1200%2C804&ssl=1&resize=350%2C200","width":350,"height":200,"srcset":"https:\/\/i0.wp.com\/tabereurbane.ro\/wp-content\/uploads\/2019\/12\/TU17.jpg?fit=1200%2C804&ssl=1&resize=350%2C200 1x, https:\/\/i0.wp.com\/tabereurbane.ro\/wp-content\/uploads\/2019\/12\/TU17.jpg?fit=1200%2C804&ssl=1&resize=525%2C300 1.5x, https:\/\/i0.wp.com\/tabereurbane.ro\/wp-content\/uploads\/2019\/12\/TU17.jpg?fit=1200%2C804&ssl=1&resize=700%2C400 2x, https:\/\/i0.wp.com\/tabereurbane.ro\/wp-content\/uploads\/2019\/12\/TU17.jpg?fit=1200%2C804&ssl=1&resize=1050%2C600 3x"},"classes":[]}],"_links":{"self":[{"href":"https:\/\/tabereurbane.ro\/despre-tabere-urbane-solidus\/wp-json\/wp\/v2\/pages\/262","targetHints":{"allow":["GET"]}}],"collection":[{"href":"https:\/\/tabereurbane.ro\/despre-tabere-urbane-solidus\/wp-json\/wp\/v2\/pages"}],"about":[{"href":"https:\/\/tabereurbane.ro\/despre-tabere-urbane-solidus\/wp-json\/wp\/v2\/types\/page"}],"author":[{"embeddable":true,"href":"https:\/\/tabereurbane.ro\/despre-tabere-urbane-solidus\/wp-json\/wp\/v2\/users\/1"}],"replies":[{"embeddable":true,"href":"https:\/\/tabereurbane.ro\/despre-tabere-urbane-solidus\/wp-json\/wp\/v2\/comments?post=262"}],"version-history":[{"count":4,"href":"https:\/\/tabereurbane.ro\/despre-tabere-urbane-solidus\/wp-json\/wp\/v2\/pages\/262\/revisions"}],"predecessor-version":[{"id":296,"href":"https:\/\/tabereurbane.ro\/despre-tabere-urbane-solidus\/wp-json\/wp\/v2\/pages\/262\/revisions\/296"}],"wp:attachment":[{"href":"https:\/\/tabereurbane.ro\/despre-tabere-urbane-solidus\/wp-json\/wp\/v2\/media?parent=262"}],"curies":[{"name":"wp","href":"https:\/\/api.w.org\/{rel}","templated":true}]}}